{"id":564,"date":"2017-11-08T00:06:29","date_gmt":"2017-11-07T22:06:29","guid":{"rendered":"http:\/\/www.verenahehl.de\/?page_id=564"},"modified":"2020-12-07T16:56:24","modified_gmt":"2020-12-07T14:56:24","slug":"these-associations-tino-sehgal","status":"publish","type":"page","link":"http:\/\/www.verenahehl.de\/?page_id=564","title":{"rendered":"These Associations &#8211; Tino Sehgal"},"content":{"rendered":"<h2>These Associations<\/h2>\n<h4><small>Mitwirkung als Performerin bei der Ausstellung <em>These Associations<\/em> von <strong>Tino<\/strong> <strong>Sehgal<\/strong><\/small><\/h4>\n<h4><small>Eine Ausstellung im Lichthof des Albertinums Dresden vom 5. Juli bis 14. August 2016, performative Adaption im November 2017 zur Er\u00f6ffnung der nuen Spielzeit in der Volksb\u00fchne Berlin<br \/>\n<\/small><\/h4>\n<p><small>Ein Museum ist ein Ort, an dem materielle Zeugnisse von Menschen und ihrer Umwelt gesammelt, bewahrt, erforscht und ausgestellt werden. Doch die Kunstwerke des in Berlin lebenden K\u00fcnstlers Tino Sehgal (*1976 in London) sind keine Gegenst\u00e4nde, die sich ausstellen lassen, sondern soziale Interaktionen. Im Gespr\u00e4ch, mit Gesang, in Bewegung gestalten Seghals Mitwirkende den Raum und beziehen den Besucher in die Arbeit ein. Durch dieses Zusammenspiel entstehen ganz pers\u00f6nliche Kunstwerke voller Leben, die nur in der Erinnerung jedes Einzelnen konserviert werden. Au\u00dferhalb des Museums werden sie nicht gezeigt\u2013 weder auf Fotos noch als Film.<\/small><\/p>\n<p><small>F\u00fcr das Albertinum gibt Tino Sehgal seiner 2012 f\u00fcr die Londoner Tate Modern entwickelten Arbeit \u201eThese Associations\u201c eine neue Version, die sich mit dem Leben der Menschen in Dresden besch\u00e4ftigt. Vom 5. Juli bis 14. August formieren sich bis zu 40 Akteure immer wieder zu schwarmartigen Bewegungen durch den Raum des frei zug\u00e4nglichen Lichthofs des Albertinum und beziehen die Besucher in ihre Choreografien ein. In einem weiteren Schritt l\u00f6sen sich aus der v\u00f6llig heterogenen Gemeinschaft immer wieder einzelne Interpreten, die pers\u00f6nliche Erfahrungen mit einzelnen Besuchern teilen. Die Erfahrungsperspektive des Einzelnen im Austausch mit den Akteuren generiert hier unz\u00e4hlige individuelle Momente.<\/small><\/p>\n<p><small>Die von Sehgal im Lichthof des Albertinum, dem f\u00fcr alle offenem Forum des Museums, arrangierte Situation begreift die Institution in diesem Kontext als Raum eines gesellschaftlichen Austausches und Diskurses. So l\u00e4sst die Ausstellung den Betrachter selbst zum Subjekt werden, der sich, oft auch unbewusst, zwischen dem Schwarmverhalten einer Gruppe und der Behauptung als Individuum positionieren muss.<\/small><\/p>\n","protected":false},"excerpt":{"rendered":"<p>These Associations Mitwirkung als Performerin bei der Ausstellung These Associations von Tino Sehgal Eine Ausstellung im Lichthof des Albertinums Dresden vom 5. Juli bis 14. August 2016, performative Adaption im November 2017 zur Er\u00f6ffnung der nuen Spielzeit in der Volksb\u00fchne Berlin Ein Museum ist ein Ort, an dem materielle Zeugnisse von Menschen und ihrer Umwelt &hellip;<\/p>\n","protected":false},"author":2,"featured_media":0,"parent":89,"menu_order":0,"comment_status":"closed","ping_status":"closed","template":"","meta":{"footnotes":""},"_links":{"self":[{"href":"http:\/\/www.verenahehl.de\/index.php?rest_route=\/wp\/v2\/pages\/564"}],"collection":[{"href":"http:\/\/www.verenahehl.de\/index.php?rest_route=\/wp\/v2\/pages"}],"about":[{"href":"http:\/\/www.verenahehl.de\/index.php?rest_route=\/wp\/v2\/types\/page"}],"author":[{"embeddable":true,"href":"http:\/\/www.verenahehl.de\/index.php?rest_route=\/wp\/v2\/users\/2"}],"replies":[{"embeddable":true,"href":"http:\/\/www.verenahehl.de\/index.php?rest_route=%2Fwp%2Fv2%2Fcomments&post=564"}],"version-history":[{"count":4,"href":"http:\/\/www.verenahehl.de\/index.php?rest_route=\/wp\/v2\/pages\/564\/revisions"}],"predecessor-version":[{"id":633,"href":"http:\/\/www.verenahehl.de\/index.php?rest_route=\/wp\/v2\/pages\/564\/revisions\/633"}],"up":[{"embeddable":true,"href":"http:\/\/www.verenahehl.de\/index.php?rest_route=\/wp\/v2\/pages\/89"}],"wp:attachment":[{"href":"http:\/\/www.verenahehl.de\/index.php?rest_route=%2Fwp%2Fv2%2Fmedia&parent=564"}],"curies":[{"name":"wp","href":"https:\/\/api.w.org\/{rel}","templated":true}]}}